{"id":2186,"date":"2022-06-07T14:53:27","date_gmt":"2022-06-07T14:53:27","guid":{"rendered":"https:\/\/pksw.ch\/?page_id=2186"},"modified":"2023-01-17T15:39:42","modified_gmt":"2023-01-17T15:39:42","slug":"geschichte","status":"publish","type":"page","link":"https:\/\/pksw.ch\/index.php\/geschichte\/","title":{"rendered":"Geschichte"},"content":{"rendered":"\n<p>H\u00e4tten Sie gewusst, dass es uns schon seit 1911 gibt? <br>Unsere Chronik lesen Sie auf den n\u00e4chsten Zeilen.  <\/p>\n\n\n\n<p><strong><span style=\"color: #000000;\" class=\"stk-highlight\">Meilensteine 1911 &#8211; 1999<\/span><\/strong><\/p>\n\n\n\n<p><span style=\"color: #000000;\" class=\"stk-highlight\"><strong>&gt;<\/strong> <a href=\"https:\/\/pksw.ch\/wp-content\/uploads\/2022\/08\/Meilensteine-seit-1911-PK-Messe-1.pdf\" target=\"_blank\" rel=\"noreferrer noopener\">\u00dcbersicht<\/a> (PDF)<\/span><\/p>\n\n\n\n<figure class=\"wp-block-gallery has-nested-images columns-default is-cropped wp-block-gallery-1 is-layout-flex wp-block-gallery-is-layout-flex\">\n<figure class=\"wp-block-image size-large\"><img loading=\"lazy\" decoding=\"async\" width=\"660\" height=\"362\" data-id=\"2451\" src=\"https:\/\/pksw.ch\/wp-content\/uploads\/2022\/08\/Sekundarschullehrer_1940.jpg\" alt=\"\" class=\"wp-image-2451\" srcset=\"https:\/\/pksw.ch\/wp-content\/uploads\/2022\/08\/Sekundarschullehrer_1940.jpg 660w, https:\/\/pksw.ch\/wp-content\/uploads\/2022\/08\/Sekundarschullehrer_1940-300x165.jpg 300w\" sizes=\"auto, (max-width: 660px) 100vw, 660px\" \/><\/figure>\n\n\n\n<figure class=\"wp-block-image size-large\"><img loading=\"lazy\" decoding=\"async\" width=\"300\" height=\"185\" data-id=\"2450\" src=\"https:\/\/pksw.ch\/wp-content\/uploads\/2022\/08\/Kindergarten_1970.jpg\" alt=\"\" class=\"wp-image-2450\"\/><\/figure>\n\n\n\n<figure class=\"wp-block-image size-large\"><img loading=\"lazy\" decoding=\"async\" width=\"300\" height=\"208\" data-id=\"2449\" src=\"https:\/\/pksw.ch\/wp-content\/uploads\/2022\/08\/Handwerker_Znueni_1935.png\" alt=\"\" class=\"wp-image-2449\"\/><\/figure>\n<\/figure>\n\n\n\n<p class=\"has-medium-font-size\"><strong><span style=\"color: #000000;\" class=\"stk-highlight\">Meilensteine 2000 &#8211; 2022<\/span><\/strong><\/p>\n\n\n\n<p><strong><span style=\"color: #000000;\" class=\"stk-highlight\">2001<\/span><\/strong><br>Im Jahr 2000 waren \u00fcber 60% der Guthaben der PKSW in Form eines Darlehens bei der Stadt Winterthur angelegt. Dieses soll in den n\u00e4chsten Jahren stark reduziert werden, um der Pensionskasse die M\u00f6glichkeit zu geben, direkt an den Kapitalm\u00e4rkten langfristig h\u00f6here Renditen zu erzielen. Noch immer befindet sich die PKSW mit einem Deckungsgrad von knapp \u00fcber 90% in einer prek\u00e4ren finanziellen Lage.<\/p>\n\n\n\n<p><strong><span style=\"color: #000000;\" class=\"stk-highlight\">2005<\/span><\/strong><br>Am 1.1.2005 tritt die erste BVG-Revision in Kraft. Der Tendenz zu mehr Teilzeitarbeitsverh\u00e4ltnissen wird Rechnung getragen, in dem die Schwelle f\u00fcr die Aufnahme in die PKSW um rund CHF 6&#8217;000 auf CHF 19&#8217;350 gesenkt wird. Zudem wird der Satz f\u00fcr die Umwandlung von Kapital in eine Rente von 7,2% auf 6,8% gesenkt. Damit es zu keinen Verschlechterungen f\u00fcr die Versicherten kommt, wird im Gegenzug das Alterskapital entsprechend heraufgesetzt.<\/p>\n\n\n\n<figure class=\"wp-block-gallery has-nested-images columns-default is-cropped wp-block-gallery-2 is-layout-flex wp-block-gallery-is-layout-flex\">\n<figure class=\"wp-block-image size-large\"><img loading=\"lazy\" decoding=\"async\" width=\"2560\" height=\"1707\" data-id=\"2465\" src=\"https:\/\/pksw.ch\/wp-content\/uploads\/2022\/08\/Stadtbus_2019_052-scaled.jpg\" alt=\"\" class=\"wp-image-2465\" srcset=\"https:\/\/pksw.ch\/wp-content\/uploads\/2022\/08\/Stadtbus_2019_052-scaled.jpg 2560w, https:\/\/pksw.ch\/wp-content\/uploads\/2022\/08\/Stadtbus_2019_052-300x200.jpg 300w, https:\/\/pksw.ch\/wp-content\/uploads\/2022\/08\/Stadtbus_2019_052-1024x683.jpg 1024w, https:\/\/pksw.ch\/wp-content\/uploads\/2022\/08\/Stadtbus_2019_052-768x512.jpg 768w, https:\/\/pksw.ch\/wp-content\/uploads\/2022\/08\/Stadtbus_2019_052-1536x1024.jpg 1536w, https:\/\/pksw.ch\/wp-content\/uploads\/2022\/08\/Stadtbus_2019_052-2048x1365.jpg 2048w, https:\/\/pksw.ch\/wp-content\/uploads\/2022\/08\/Stadtbus_2019_052-1320x880.jpg 1320w\" sizes=\"auto, (max-width: 2560px) 100vw, 2560px\" \/><\/figure>\n\n\n\n<figure class=\"wp-block-image size-large\"><img loading=\"lazy\" decoding=\"async\" width=\"2560\" height=\"1707\" data-id=\"2467\" src=\"https:\/\/pksw.ch\/wp-content\/uploads\/2022\/08\/Stadtbus_Werkstatt_03-scaled.jpg\" alt=\"\" class=\"wp-image-2467\" srcset=\"https:\/\/pksw.ch\/wp-content\/uploads\/2022\/08\/Stadtbus_Werkstatt_03-scaled.jpg 2560w, https:\/\/pksw.ch\/wp-content\/uploads\/2022\/08\/Stadtbus_Werkstatt_03-300x200.jpg 300w, https:\/\/pksw.ch\/wp-content\/uploads\/2022\/08\/Stadtbus_Werkstatt_03-1024x683.jpg 1024w, https:\/\/pksw.ch\/wp-content\/uploads\/2022\/08\/Stadtbus_Werkstatt_03-768x512.jpg 768w, https:\/\/pksw.ch\/wp-content\/uploads\/2022\/08\/Stadtbus_Werkstatt_03-1536x1024.jpg 1536w, https:\/\/pksw.ch\/wp-content\/uploads\/2022\/08\/Stadtbus_Werkstatt_03-2048x1365.jpg 2048w, https:\/\/pksw.ch\/wp-content\/uploads\/2022\/08\/Stadtbus_Werkstatt_03-1320x880.jpg 1320w\" sizes=\"auto, (max-width: 2560px) 100vw, 2560px\" \/><\/figure>\n<\/figure>\n\n\n\n<p><strong><span style=\"color: #000000;\" class=\"stk-highlight\">2006<\/span><\/strong><br>Die Privilegien f\u00fcr die Winterthurer Stadtr\u00e4tinnen und Stadtr\u00e4te werden ab der Legislaturperiode 2006 \/ 2010 abgeschafft. Bis anhin wurden die Mitglieder des Stadtrates grossz\u00fcgig in die Pensionskasse eingekauft und aber Alter 55 und 12 Amtsjahren stand ihnen ein Ruhestandsgehalt von 60% des versicherten Lohnes zu. Neu sind die Mitglieder des Stadtrates den \u00fcbrigen Versicherten der PKSW gleichgestellt.<\/p>\n\n\n\n<p><strong><span style=\"color: #000000;\" class=\"stk-highlight\">2008<\/span><\/strong><br>Der weltweite Einbruch an den B\u00f6rsen \u2013 der Wert der ausl\u00e4ndischen Aktien sinkt um \u00fcber 45% \u2013 dies f\u00fchrt bei der PKSW zu einem Verlust auf den Kapitalanlagen von 250 Millionen Schweizer Franken und einen R\u00fcckfall des Deckungsgrades auf 84%.<\/p>\n\n\n\n<figure class=\"wp-block-gallery has-nested-images columns-default is-cropped wp-block-gallery-3 is-layout-flex wp-block-gallery-is-layout-flex\">\n<figure class=\"wp-block-image size-large\"><img loading=\"lazy\" decoding=\"async\" width=\"2560\" height=\"1707\" data-id=\"2466\" src=\"https:\/\/pksw.ch\/wp-content\/uploads\/2022\/08\/Stadtbus_Herbst_42-scaled.jpg\" alt=\"\" class=\"wp-image-2466\" srcset=\"https:\/\/pksw.ch\/wp-content\/uploads\/2022\/08\/Stadtbus_Herbst_42-scaled.jpg 2560w, https:\/\/pksw.ch\/wp-content\/uploads\/2022\/08\/Stadtbus_Herbst_42-300x200.jpg 300w, https:\/\/pksw.ch\/wp-content\/uploads\/2022\/08\/Stadtbus_Herbst_42-1024x683.jpg 1024w, https:\/\/pksw.ch\/wp-content\/uploads\/2022\/08\/Stadtbus_Herbst_42-768x512.jpg 768w, https:\/\/pksw.ch\/wp-content\/uploads\/2022\/08\/Stadtbus_Herbst_42-1536x1024.jpg 1536w, https:\/\/pksw.ch\/wp-content\/uploads\/2022\/08\/Stadtbus_Herbst_42-2048x1365.jpg 2048w, https:\/\/pksw.ch\/wp-content\/uploads\/2022\/08\/Stadtbus_Herbst_42-1320x880.jpg 1320w\" sizes=\"auto, (max-width: 2560px) 100vw, 2560px\" \/><\/figure>\n<\/figure>\n\n\n\n<p><strong><span style=\"color: #000000;\" class=\"stk-highlight\">2009<\/span><\/strong><br>Nach \u00fcber 30-j\u00e4hriger T\u00e4tigkeit als Gesch\u00e4ftsleiter der PKSW geht Martin Duttweiler in die verdiente Pension und \u00fcbergibt den Stab an Rudolf Steiner-Pulimeno. Dank dem positiven Ergebnis aus den Kapitalanlagen verbessert sich der Deckungsgrad auf knapp 90%, was noch immer eine sehr angespannte finanzielle Lage bedeutet.<\/p>\n\n\n\n<p><strong><span style=\"color: #000000;\" class=\"stk-highlight\">2011<\/span><\/strong><br>Die PKSW feiert ihr 100-j\u00e4hriges Bestehen. Die noch nicht bew\u00e4ltigte Finanzkrise im Jahr 2008 und die anstehende Revision der Statuten, sowie die vom Gesetzgeber vorgeschriebene Verselbst\u00e4ndigung sind grosse Herausforderungen, die es zu meistern gilt. Aus diesem Grund wird auf Feierlichkeiten verzichtet. Zudem tritt Stadtpr\u00e4sident Ernst Wohlwend nach 10-j\u00e4hriger T\u00e4tigkeit zur\u00fcck. Seine Nachfolge tritt Michael K\u00fcnzle an, welcher neu die Verwaltungskommission pr\u00e4sidiert.<\/p>\n\n\n\n<figure class=\"wp-block-gallery has-nested-images columns-default is-cropped wp-block-gallery-4 is-layout-flex wp-block-gallery-is-layout-flex\">\n<figure class=\"wp-block-image size-large\"><img loading=\"lazy\" decoding=\"async\" width=\"2560\" height=\"1707\" data-id=\"1799\" src=\"https:\/\/pksw.ch\/wp-content\/uploads\/2021\/10\/Revier_West_2-scaled.jpg\" alt=\"\" class=\"wp-image-1799\" srcset=\"https:\/\/pksw.ch\/wp-content\/uploads\/2021\/10\/Revier_West_2-scaled.jpg 2560w, https:\/\/pksw.ch\/wp-content\/uploads\/2021\/10\/Revier_West_2-300x200.jpg 300w, https:\/\/pksw.ch\/wp-content\/uploads\/2021\/10\/Revier_West_2-1024x683.jpg 1024w, https:\/\/pksw.ch\/wp-content\/uploads\/2021\/10\/Revier_West_2-768x512.jpg 768w, https:\/\/pksw.ch\/wp-content\/uploads\/2021\/10\/Revier_West_2-1536x1024.jpg 1536w, https:\/\/pksw.ch\/wp-content\/uploads\/2021\/10\/Revier_West_2-2048x1365.jpg 2048w\" sizes=\"auto, (max-width: 2560px) 100vw, 2560px\" \/><\/figure>\n\n\n\n<figure class=\"wp-block-image size-large\"><img loading=\"lazy\" decoding=\"async\" width=\"2560\" height=\"1707\" data-id=\"1798\" src=\"https:\/\/pksw.ch\/wp-content\/uploads\/2021\/10\/Revier_Mitte1-scaled.jpg\" alt=\"\" class=\"wp-image-1798\" srcset=\"https:\/\/pksw.ch\/wp-content\/uploads\/2021\/10\/Revier_Mitte1-scaled.jpg 2560w, https:\/\/pksw.ch\/wp-content\/uploads\/2021\/10\/Revier_Mitte1-300x200.jpg 300w, https:\/\/pksw.ch\/wp-content\/uploads\/2021\/10\/Revier_Mitte1-1024x683.jpg 1024w, https:\/\/pksw.ch\/wp-content\/uploads\/2021\/10\/Revier_Mitte1-768x512.jpg 768w, https:\/\/pksw.ch\/wp-content\/uploads\/2021\/10\/Revier_Mitte1-1536x1024.jpg 1536w, https:\/\/pksw.ch\/wp-content\/uploads\/2021\/10\/Revier_Mitte1-2048x1365.jpg 2048w\" sizes=\"auto, (max-width: 2560px) 100vw, 2560px\" \/><\/figure>\n\n\n\n<figure class=\"wp-block-image size-large\"><img loading=\"lazy\" decoding=\"async\" width=\"2560\" height=\"1707\" data-id=\"1796\" src=\"https:\/\/pksw.ch\/wp-content\/uploads\/2021\/10\/Wald_Faellen-scaled.jpg\" alt=\"\" class=\"wp-image-1796\" srcset=\"https:\/\/pksw.ch\/wp-content\/uploads\/2021\/10\/Wald_Faellen-scaled.jpg 2560w, https:\/\/pksw.ch\/wp-content\/uploads\/2021\/10\/Wald_Faellen-300x200.jpg 300w, https:\/\/pksw.ch\/wp-content\/uploads\/2021\/10\/Wald_Faellen-1024x683.jpg 1024w, https:\/\/pksw.ch\/wp-content\/uploads\/2021\/10\/Wald_Faellen-768x512.jpg 768w, https:\/\/pksw.ch\/wp-content\/uploads\/2021\/10\/Wald_Faellen-1536x1024.jpg 1536w, https:\/\/pksw.ch\/wp-content\/uploads\/2021\/10\/Wald_Faellen-2048x1365.jpg 2048w\" sizes=\"auto, (max-width: 2560px) 100vw, 2560px\" \/><\/figure>\n<\/figure>\n\n\n\n<p><strong><span style=\"color: #000000;\" class=\"stk-highlight\">2014<\/span><\/strong><br>Ein grosser Meilenstein in der Geschichte der PKSW ist die Verselbst\u00e4ndigung als \u00f6ffentlich-rechtliche Pensionskasse. Ab dem 1.1.2014 ist die PKSW als Stiftung organisiert. Dieser Schritt wurde notwendig, weil ab diesem Datum die F\u00fchrung der Pensionskasse im Rahmen der Stadtverwaltung als Abteilung gesetzlich nicht mehr zul\u00e4ssig ist. Die fr\u00fchere Verwaltungskommission wird durch einen Stiftungsrat ersetzt, welcher neu von Frau Dr. Eva Schwarzenbach pr\u00e4sidiert wird.<\/p>\n\n\n\n<p><strong><span style=\"color: #000000;\" class=\"stk-highlight\">2019 \u2013 2022<\/span><\/strong><br>Die PKSW hat auch 5 Jahre nach der Verselbst\u00e4ndigung finanzielle Sorgen, trotz \u00fcberdurchschnittlichen Ertr\u00e4gen auf den Kapitalanlagen. Grund daf\u00fcr ist das rasch absinkende Zinsniveau von 2014 bis 2019 und die unvollst\u00e4ndige Ausfinanzierung im Zeitpunkt der Verselbst\u00e4ndigung. Der Kreditantrag \u00fcber CHF 144 Mio. zu Gunsten der PKSW wird vom Grossen Gemeinderat abgelehnt. Stattdessen wird der Stadtrat beauftragt, Alternativen f\u00fcr die berufliche Vorsorge der Stadtangestellten zu pr\u00fcfen. Die Submission im Jahr 2020 f\u00fchrt zum Entscheid, dass die eigenst\u00e4ndige Weiterf\u00fchrung die zielf\u00fchrendste und kosteng\u00fcnstigste L\u00f6sung ist. Die in der Submission unterlegene Pensionskasse zieht diesen Entscheid ans Z\u00fcrcher Verwaltungsgericht, welches im Jahr 2022 die Beschwerde abweist.<\/p>\n\n\n\n<figure class=\"wp-block-gallery has-nested-images columns-default is-cropped wp-block-gallery-5 is-layout-flex wp-block-gallery-is-layout-flex\">\n<figure class=\"wp-block-image size-large\"><img loading=\"lazy\" decoding=\"async\" width=\"2560\" height=\"1707\" data-id=\"1814\" src=\"https:\/\/pksw.ch\/wp-content\/uploads\/2021\/10\/Setzlinge_Bueel_Alyssa_2-scaled.jpg\" alt=\"\" class=\"wp-image-1814\" srcset=\"https:\/\/pksw.ch\/wp-content\/uploads\/2021\/10\/Setzlinge_Bueel_Alyssa_2-scaled.jpg 2560w, https:\/\/pksw.ch\/wp-content\/uploads\/2021\/10\/Setzlinge_Bueel_Alyssa_2-300x200.jpg 300w, https:\/\/pksw.ch\/wp-content\/uploads\/2021\/10\/Setzlinge_Bueel_Alyssa_2-1024x683.jpg 1024w, https:\/\/pksw.ch\/wp-content\/uploads\/2021\/10\/Setzlinge_Bueel_Alyssa_2-768x512.jpg 768w, https:\/\/pksw.ch\/wp-content\/uploads\/2021\/10\/Setzlinge_Bueel_Alyssa_2-1536x1024.jpg 1536w, https:\/\/pksw.ch\/wp-content\/uploads\/2021\/10\/Setzlinge_Bueel_Alyssa_2-2048x1365.jpg 2048w\" sizes=\"auto, (max-width: 2560px) 100vw, 2560px\" \/><\/figure>\n\n\n\n<figure class=\"wp-block-image size-large\"><img loading=\"lazy\" decoding=\"async\" width=\"2560\" height=\"1707\" data-id=\"1822\" src=\"https:\/\/pksw.ch\/wp-content\/uploads\/2021\/10\/Arbeiten_Naturmuseum-2-scaled.jpg\" alt=\"\" class=\"wp-image-1822\" srcset=\"https:\/\/pksw.ch\/wp-content\/uploads\/2021\/10\/Arbeiten_Naturmuseum-2-scaled.jpg 2560w, https:\/\/pksw.ch\/wp-content\/uploads\/2021\/10\/Arbeiten_Naturmuseum-2-300x200.jpg 300w, https:\/\/pksw.ch\/wp-content\/uploads\/2021\/10\/Arbeiten_Naturmuseum-2-1024x683.jpg 1024w, https:\/\/pksw.ch\/wp-content\/uploads\/2021\/10\/Arbeiten_Naturmuseum-2-768x512.jpg 768w, https:\/\/pksw.ch\/wp-content\/uploads\/2021\/10\/Arbeiten_Naturmuseum-2-1536x1024.jpg 1536w, https:\/\/pksw.ch\/wp-content\/uploads\/2021\/10\/Arbeiten_Naturmuseum-2-2048x1365.jpg 2048w\" sizes=\"auto, (max-width: 2560px) 100vw, 2560px\" \/><\/figure>\n<\/figure>\n\n\n\n<p><strong><span style=\"color: #000000;\" class=\"stk-highlight\">2022<\/span><\/strong><br>Erstmals seit \u00fcber 14 Jahren weist die PKSW per 31.12.2021 einen Deckungsgrad von \u00fcber 100% aus. Leider hat die Erreichung dieses Zwischenzieles nur kurz Bestand. Wegen des Krieges in der Ukraine und der rasant steigenden Teuerung brechen die Kapitalm\u00e4rkte (Aktien, Obligation und Immobilien) im Fr\u00fchjahr 2022 ein. Der rechnerische Deckungsgrad sinkt deshalb bei der PKSW wieder unter die 100%-Marke.<\/p>\n\n\n\n<p><\/p>\n\n\n\n<p class=\"has-small-font-size\">Bilder: <br>Stadtbibliothek Winterthur<br>Stadtbus Winterthur, Alessandro Della Bella<br>Stadtgr\u00fcn Winterthur, Annette Hirschberg<\/p>\n","protected":false},"excerpt":{"rendered":"<p>H\u00e4tten Sie gewusst, dass es uns schon seit 1911 gibt? Unsere Chronik lesen Sie auf den n\u00e4chsten Zeilen. Meilensteine 1911 &#8211; 1999 [&hellip;]<\/p>\n","protected":false},"author":3,"featured_media":0,"parent":0,"menu_order":0,"comment_status":"closed","ping_status":"closed","template":"","meta":{"_acf_changed":false,"footnotes":""},"class_list":["post-2186","page","type-page","status-publish","hentry"],"acf":[],"featured_image_urls_v2":{"full":"","thumbnail":"","medium":"","medium_large":"","large":"","1536x1536":"","2048x2048":"","small-thumbnail":"","square-thumbnail":"","banner-image":"","mailpoet_newsletter_max":""},"post_excerpt_stackable_v2":"<p>H\u00e4tten Sie gewusst, dass es uns schon seit 1911 gibt? Unsere Chronik lesen Sie auf den n\u00e4chsten Zeilen. Meilensteine 1911 &#8211; 1999 &gt; \u00dcbersicht (PDF) Meilensteine 2000 &#8211; 2022 2001Im Jahr 2000 waren \u00fcber 60% der Guthaben der PKSW in Form eines Darlehens bei der Stadt Winterthur angelegt. Dieses soll in den n\u00e4chsten Jahren stark reduziert werden, um der Pensionskasse die M\u00f6glichkeit zu geben, direkt an den Kapitalm\u00e4rkten langfristig h\u00f6here Renditen zu erzielen. Noch immer befindet sich die PKSW mit einem Deckungsgrad von knapp \u00fcber 90% in einer prek\u00e4ren finanziellen Lage. 2005Am 1.1.2005 tritt die erste BVG-Revision in Kraft. Der&hellip;<\/p>\n","category_list_v2":"","author_info_v2":{"name":"Seraina Bossi","url":"https:\/\/pksw.ch\/index.php\/author\/pksw\/"},"comments_num_v2":"0 comments","_links":{"self":[{"href":"https:\/\/pksw.ch\/index.php\/wp-json\/wp\/v2\/pages\/2186","targetHints":{"allow":["GET"]}}],"collection":[{"href":"https:\/\/pksw.ch\/index.php\/wp-json\/wp\/v2\/pages"}],"about":[{"href":"https:\/\/pksw.ch\/index.php\/wp-json\/wp\/v2\/types\/page"}],"author":[{"embeddable":true,"href":"https:\/\/pksw.ch\/index.php\/wp-json\/wp\/v2\/users\/3"}],"replies":[{"embeddable":true,"href":"https:\/\/pksw.ch\/index.php\/wp-json\/wp\/v2\/comments?post=2186"}],"version-history":[{"count":34,"href":"https:\/\/pksw.ch\/index.php\/wp-json\/wp\/v2\/pages\/2186\/revisions"}],"predecessor-version":[{"id":2713,"href":"https:\/\/pksw.ch\/index.php\/wp-json\/wp\/v2\/pages\/2186\/revisions\/2713"}],"wp:attachment":[{"href":"https:\/\/pksw.ch\/index.php\/wp-json\/wp\/v2\/media?parent=2186"}],"curies":[{"name":"wp","href":"https:\/\/api.w.org\/{rel}","templated":true}]}}